{"id":8389,"date":"2017-09-11T09:44:54","date_gmt":"2017-09-11T12:44:54","guid":{"rendered":"http:\/\/sindesvdf.com.br\/news\/?page_id=8389"},"modified":"2017-09-20T10:11:38","modified_gmt":"2017-09-20T13:11:38","slug":"plantao-olho-vivo-2","status":"publish","type":"page","link":"https:\/\/sindesvdf.com.br\/news\/plantao-olho-vivo-2\/","title":{"rendered":"&#8211; PLANT\u00c3O OLHO VIVO &#8211;"},"content":{"rendered":"<h1 style=\"text-align: center;\"><img loading=\"lazy\" decoding=\"async\" class=\"aligncenter wp-image-7806 size-full\" src=\"http:\/\/sindesvdf.com.br\/news\/wp-content\/uploads\/2017\/06\/Plant\u00e3o-Olho-Vivo.png\" alt=\"\" width=\"776\" height=\"204\" srcset=\"https:\/\/sindesvdf.com.br\/news\/wp-content\/uploads\/2017\/06\/Plant\u00e3o-Olho-Vivo.png 776w, https:\/\/sindesvdf.com.br\/news\/wp-content\/uploads\/2017\/06\/Plant\u00e3o-Olho-Vivo-300x79.png 300w, https:\/\/sindesvdf.com.br\/news\/wp-content\/uploads\/2017\/06\/Plant\u00e3o-Olho-Vivo-768x202.png 768w, https:\/\/sindesvdf.com.br\/news\/wp-content\/uploads\/2017\/06\/Plant\u00e3o-Olho-Vivo-250x66.png 250w, https:\/\/sindesvdf.com.br\/news\/wp-content\/uploads\/2017\/06\/Plant\u00e3o-Olho-Vivo-150x39.png 150w\" sizes=\"auto, (max-width: 776px) 100vw, 776px\" \/><strong>Aten\u00e7\u00e3o Vigilantes que eram da Brasfort (Lote 3), contratados pela Confederal<\/strong><\/h1>\n<div id=\"m_1302396059455066008yui_3_16_0_1_1504537328843_17739\"><strong><span style=\"font-size: 18px;\">O Sindicato convoca todos os vigilantes que eram da Brasfort (Lote 3), e foram contratados pela Confederal, contemplados pela cl\u00e1usula 34\u00aa da nossa Conven\u00e7\u00e3o Coletiva de Trabalho (<\/span><span style=\"font-size: 18px;\">CCT)<\/span><span style=\"font-size: 18px;\">\u00a0que trata da continuidade para, caso a Brasfort n\u00e3o pague as verbas rescis\u00f3rias at\u00e9 o dia 08\/09\/2017, trazerem a documenta\u00e7\u00e3o abaixo relacionada, a partir do dia 11\/09 at\u00e9 o dia 30\/09, para ajuizarmos a\u00e7\u00e3o na Justi\u00e7a do Trabalho cobrando da empresa o pagamento das verbas rescis\u00f3rias.<\/span><\/strong><\/div>\n<div style=\"text-align: center;\">\n<hr \/>\n<\/div>\n<div id=\"m_1302396059455066008yui_3_16_0_1_1504537328843_17741\" style=\"text-align: center;\"><span style=\"font-size: 18px;\"><b id=\"m_1302396059455066008yui_3_16_0_1_1504537328843_17742\"><span style=\"font-size: 22px;\">RELA\u00c7\u00c3O DE DOCUMENTOS PARA RECLAMA\u00c7\u00c3O TRABALHISTA<\/span><u><\/u><u><\/u><\/b><\/span><\/div>\n<div id=\"m_1302396059455066008yui_3_16_0_1_1504537328843_17744\"><span style=\"font-size: 18px;\">\u00a0<strong> <em>C\u00f3pias Leg\u00edveis<\/em><\/strong><\/span><\/div>\n<div id=\"m_1302396059455066008yui_3_16_0_1_1504537328843_17746\"><span style=\"font-size: 18px;\"><strong>\u2022 C\u00e9dula de Identidade (RG)<\/strong><\/span><\/div>\n<div id=\"m_1302396059455066008yui_3_16_0_1_1504537328843_17748\"><span style=\"font-size: 18px;\"><strong>\u2022 CPF<\/strong><\/span><\/div>\n<div id=\"m_1302396059455066008yui_3_16_0_1_1504537328843_17750\"><span style=\"font-size: 18px;\"><strong>\u2022 Comprovante de Resid\u00eancia <\/strong><em>(que conste o N\u00b0 do CEP)<\/em><\/span><\/div>\n<div id=\"m_1302396059455066008yui_3_16_0_1_1504537328843_17752\"><span style=\"font-size: 18px;\"><strong>\u2022 \u00daltimos 3 contracheques <\/strong><em>(se n\u00e3o tiver trazer alguns do corrente ano)<\/em><\/span><\/div>\n<div id=\"m_1302396059455066008yui_3_16_0_1_1504537328843_17754\"><span style=\"font-size: 18px;\"><strong>\u2022 Extrato Anal\u00edtico completo, atualizado \u00a0<\/strong><em>(Retirar junto \u00e0 caixa econ\u00f4mica federal)<\/em><\/span><\/div>\n<div id=\"m_1302396059455066008yui_3_16_0_1_1504537328843_17756\"><span style=\"font-size: 18px;\"><strong>\u2022 Carteira de Trabalho<\/strong><em> (p\u00e1gina da foto, atr\u00e1s da foto e contrato de trabalho)<\/em><\/span><\/div>\n<div id=\"m_1302396059455066008yui_3_16_0_1_1504537328843_17758\"><span style=\"font-size: 18px;\"><strong>\u2022 Comunicado de Aviso Pr\u00e9vio <\/strong><em>(C\u00f3pia)<\/em><\/span><\/div>\n<div id=\"m_1302396059455066008yui_3_16_0_1_1504537328843_17760\"><span style=\"font-size: 18px;\"><strong>\u2022 TRCT &#8211; Termo de Rescis\u00e3o de Contrato de Trabalho <\/strong><em>(Se houver)<\/em><\/span><\/div>\n<div style=\"text-align: center;\"><span style=\"color: #ffffff;\">.<\/span><\/div>\n<div id=\"m_1302396059455066008yui_3_16_0_1_1504537328843_17923\" dir=\"ltr\" style=\"text-align: center;\"><span style=\"font-size: 22px;\"><b>DOCUMENTA\u00c7\u00c3O EMITIDA PELO SINDICATO<\/b><\/span><\/div>\n<div id=\"m_1302396059455066008yui_3_16_0_1_1504537328843_17870\"><span style=\"font-size: 18px;\"><strong>\u2022 Procura\u00e7\u00e3o <\/strong><em>(Pegar no Sindicato e ir ao cart\u00f3rio fazer o reconhecimento de firma)<\/em><\/span><\/div>\n<div id=\"m_1302396059455066008yui_3_16_0_1_1504537328843_17766\"><span style=\"font-size: 18px;\"><strong>\u2022 Declara\u00e7\u00e3o de Hipossufici\u00eancia Financeira<\/strong><\/span><\/div>\n<div><\/div>\n<div style=\"text-align: center;\"><span style=\"font-size: 18px;\"><strong><em>(A procura\u00e7\u00e3o s\u00f3 ser\u00e1 emitida com todas as c\u00f3pias acima relacionadas)<\/em><\/strong><\/span><\/div>\n<div id=\"m_1302396059455066008yui_3_16_0_1_1504537328843_17661\" style=\"text-align: center;\"><span style=\"font-size: 18px;\"><strong>\u00a0<\/strong><\/span><span style=\"font-size: 18px;\"><strong>OBS:<em> Documenta\u00e7\u00e3o com pend\u00eancia n\u00e3o ser\u00e1 recebida.<\/em><\/strong><\/span><\/div>\n<blockquote>\n<div dir=\"ltr\" style=\"text-align: center;\">\n<hr \/>\n<p><span style=\"font-size: 18px;\"><em><strong>Sindicato dos Vigilantes do DF &#8211; Sempre vigilante em defesa da categoria<\/strong><\/em><\/span><\/p>\n<\/div>\n<\/blockquote>\n<p style=\"text-align: right;\">\u00a0[printfriendly]<\/p>\n<p class=\"wpf_wrapper\"><a class=\"print_link\" href=\"\" target=\"_blank\">Preparar para impress\u00e3o<\/a><\/p><!-- .wpf_wrapper -->","protected":false},"excerpt":{"rendered":"<p>Aten\u00e7\u00e3o Vigilantes que eram da Brasfort (Lote 3), contratados pela Confederal O Sindicato convoca todos os vigilantes que eram da&hellip; <\/p>\n","protected":false},"author":1,"featured_media":0,"parent":0,"menu_order":0,"comment_status":"closed","ping_status":"closed","template":"","meta":{"footnotes":""},"class_list":["post-8389","page","type-page","status-publish","hentry"],"_links":{"self":[{"href":"https:\/\/sindesvdf.com.br\/news\/wp-json\/wp\/v2\/pages\/8389","targetHints":{"allow":["GET"]}}],"collection":[{"href":"https:\/\/sindesvdf.com.br\/news\/wp-json\/wp\/v2\/pages"}],"about":[{"href":"https:\/\/sindesvdf.com.br\/news\/wp-json\/wp\/v2\/types\/page"}],"author":[{"embeddable":true,"href":"https:\/\/sindesvdf.com.br\/news\/wp-json\/wp\/v2\/users\/1"}],"replies":[{"embeddable":true,"href":"https:\/\/sindesvdf.com.br\/news\/wp-json\/wp\/v2\/comments?post=8389"}],"version-history":[{"count":22,"href":"https:\/\/sindesvdf.com.br\/news\/wp-json\/wp\/v2\/pages\/8389\/revisions"}],"predecessor-version":[{"id":8431,"href":"https:\/\/sindesvdf.com.br\/news\/wp-json\/wp\/v2\/pages\/8389\/revisions\/8431"}],"wp:attachment":[{"href":"https:\/\/sindesvdf.com.br\/news\/wp-json\/wp\/v2\/media?parent=8389"}],"curies":[{"name":"wp","href":"https:\/\/api.w.org\/{rel}","templated":true}]}}